{"id":4682,"date":"2023-01-06T09:48:43","date_gmt":"2023-01-06T09:48:43","guid":{"rendered":"https:\/\/roserguino.com\/?page_id=4682"},"modified":"2023-06-21T05:24:47","modified_gmt":"2023-06-21T05:24:47","slug":"roser-guino-disseny-despais","status":"publish","type":"page","link":"https:\/\/roserguino.com\/","title":{"rendered":"Roser Guin\u00f3 disseny d&#8217;espais"},"content":{"rendered":"<p>[vc_row el_id=&#8221;home&#8221;][vc_column]\n\t\t\t<!-- START sliderg 3 REVOLUTION SLIDER 6.5.25 --><p class=\"rs-p-wp-fix\"><\/p>\n\t\t\t<rs-module-wrap id=\"rev_slider_3_1_wrapper\" data-source=\"gallery\" style=\"visibility:hidden;background:transparent;padding:0;margin:0px auto;margin-top:0;margin-bottom:0;\">\n\t\t\t\t<rs-module id=\"rev_slider_3_1\" style=\"\" data-version=\"6.5.25\">\n\t\t\t\t\t<rs-slides>\n\t\t\t\t\t\t<rs-slide style=\"position: absolute;\" data-key=\"rs-7\" data-title=\"Slide\" data-in=\"o:0;\" data-out=\"a:false;\">\n\t\t\t\t\t\t\t<img fetchpriority=\"high\" decoding=\"async\" src=\"\/\/roserguino.com\/wp-content\/plugins\/revslider\/public\/assets\/assets\/dummy.png\" alt=\"Reforma total d'una vivenda\" title=\"Reforma total d&#8217;una vivenda\" width=\"1200\" height=\"800\" class=\"rev-slidebg tp-rs-img rs-lazyload\" data-lazyload=\"\/\/roserguino.com\/wp-content\/uploads\/2023\/01\/racons-encant-interiors.jpg\" data-bg=\"f:contain;\" data-no-retina>\n<!---->\t\t\t\t\t\t<\/rs-slide>\n\t\t\t\t\t<\/rs-slides>\n\t\t\t\t<\/rs-module>\n\t\t\t\t<script>\n\t\t\t\t\tsetREVStartSize({c: 'rev_slider_3_1',rl:[1240,1024,778,480],el:[800,600,500,400],gw:[1200,1140,778,480],gh:[800,600,500,400],type:'standard',justify:'',layout:'fullwidth',mh:\"0\"});if (window.RS_MODULES!==undefined && window.RS_MODULES.modules!==undefined && window.RS_MODULES.modules[\"revslider31\"]!==undefined) {window.RS_MODULES.modules[\"revslider31\"].once = false;window.revapi3 = undefined;if (window.RS_MODULES.checkMinimal!==undefined) window.RS_MODULES.checkMinimal()}\n\t\t\t\t<\/script>\n\t\t\t<\/rs-module-wrap>\n\t\t\t<!-- END REVOLUTION SLIDER -->\n[\/vc_column][\/vc_row][vc_row tz_row_type=&#8221;grid&#8221; tz_ruler=&#8221;1&#8243; css=&#8221;.vc_custom_1686075019967{padding-top: 75px !important;padding-bottom: 62px !important;}&#8221;][vc_column]    <div class=\"tzElement-title tz_on_title  tz-title-type-2 tz-text-align-center \">\r\n                        <span class=\"tzTitle\">\r\n                    Disseny d'espais                <\/span>\r\n                \r\n                    \r\n                    <p class=\"tzDescription\" >L\u2019interiorisme \u00e9s un art entre l'arquitectura i la decoraci\u00f3 que ens permet modificar les emocions que sentim al entrar a un espai. Un dissenyador d'interiors t\u00e9 l'objectiu de crear ambients en habitatges o empreses aprofitant el m\u00e0xim l'espai disponible i assegurant la m\u00e1xima coherencia est\u00e8tica. Sempre tenint en compte les necessitats, gustos , forma de vida i pressupost disponible de cada client.<\/p>\r\n            <p style=\"color: red;\">\r\n\r\n            <\/p>\r\n        \r\n        \r\n    <\/div>\r\n    [\/vc_column][\/vc_row][vc_row content_placement=&#8221;middle&#8221; parallax=&#8221;content-moving-fade&#8221; parallax_image=&#8221;4595&#8243; tz_row_type=&#8221;grid&#8221; css=&#8221;.vc_custom_1686075531623{margin-top: 20px !important;margin-bottom: 20px !important;}&#8221; el_id=&#8221;roserguino&#8221;][vc_column width=&#8221;1\/2&#8243; css=&#8221;.vc_custom_1672912056311{margin-top: 32px !important;}&#8221;]    <div class=\"tzElement-title tz_on_title  tz-title-type-3 tz-text-align-left \">\r\n                    <span class=\"tzSubTitle\" ><\/span>\r\n                            <span class=\"tzTitle\"style=\"color:#392523; font-size:; line-height: ; \">\r\n                    ROSER GUIN\u00d3 <em>INTERIORISME<\/em>                <\/span>\r\n                \r\n                    \r\n        \r\n        \r\n    <\/div>\r\n    [vc_column_text css=&#8221;.vc_custom_1672911509104{margin-top: 32px !important;}&#8221;]Interiorista col\u00b7legiada n\u00ba 1472 per l\u2019Escola Massana de Barcelona i la Universitat Polit\u00e8cnica de Mil\u00e0. M\u00e9s de 25 anys d\u00b4experi\u00e8ncia en el sector del disseny, tant\u00a0 amb espais comercials, oficines o habitatges.<\/p>\n<p>Per mi \u00e9s molt important con\u00e8ixer les necessitats espec\u00edfiques i la manera d&#8217;utilitzar els espais de cada client, aix\u00ed el disseny encaixa amb la manera de viure.[\/vc_column_text][vc_column_text css=&#8221;.vc_custom_1672911687448{margin-top: 32px !important;}&#8221;]M\u00faltiples projectes d\u2019interiorisme, apostant per treballar amb els industrials de la zona, els qui poso en valor com a artesans del seu ofici, claus per els projectes. Assessoro i coordino tot all\u00f2 relacionat amb la reforma i el disseny dels espais interiors de l\u2019habitatge, supervisant l\u2019obra i mantenint una comunicaci\u00f3 fluida sobre la seva evoluci\u00f3 amb el client.\u00a0[\/vc_column_text][vc_row_inner el_class=&#8221;style-list&#8221; css=&#8221;.vc_custom_1686075861901{margin-top: 30px !important;}&#8221;][vc_column_inner width=&#8221;1\/2&#8243;][vc_column_text]<\/p>\n<ul>\n<li>Disseny de mobiliari.<\/li>\n<li>Disseny d&#8217;espai comercials.<\/li>\n<\/ul>\n<p>[\/vc_column_text][\/vc_column_inner][vc_column_inner width=&#8221;1\/2&#8243;][vc_column_text]<\/p>\n<ul>\n<li>Disseny d&#8217;oficines.<\/li>\n<li>Reformes de pisos, cases unifamiliars i apartaments vacacionals.<\/li>\n<\/ul>\n<p>[\/vc_column_text][\/vc_column_inner][\/vc_row_inner][\/vc_column][vc_column width=&#8221;1\/2&#8243;][vc_single_image image=&#8221;4621&#8243; img_size=&#8221;full&#8221; alignment=&#8221;center&#8221;][\/vc_column][\/vc_row][vc_row parallax=&#8221;content-moving&#8221; parallax_image=&#8221;4617&#8243; tz_pattern=&#8221;1&#8243; css=&#8221;.vc_custom_1686075706003{padding-top: 105px !important;padding-bottom: 88px !important;background-color: rgba(0,0,0,0.37) !important;*background-color: rgb(0,0,0) !important;}&#8221;][vc_column tztextalign=&#8221;center&#8221;][vc_column_text css=&#8221;.vc_custom_1686076650096{margin-top: 30px !important;margin-bottom: 30px !important;padding-bottom: 57px !important;}&#8221;]<\/p>\n<h3 style=\"text-align: center;\"><span style=\"font-size: 50px;\"><span style=\"color: #f5f5f5;\">&#8220;Una casa ha d&#8217;\u00e9sser l&#8217;envoltori de la vida, la m\u00e0quina de la felicitat&#8221;<\/span><\/span><\/h3>\n<p style=\"text-align: center;\"><span style=\"color: #e1e1e1; font-size: 16px;\">Le Corbusier (1887-1965)<\/span><\/p>\n<p>[\/vc_column_text][vc_btn title=&#8221;PROJECTES&#8221; style=&#8221;custom&#8221; custom_background=&#8221;#bf212e&#8221; custom_text=&#8221;#f5f5f5&#8243; shape=&#8221;square&#8221; size=&#8221;sm&#8221; link=&#8221;url:%23projectes|title:see%20projects|target:_blank&#8221; css=&#8221;.vc_custom_1686076140317{margin-right: -5px !important;background-color: #dd3333 !important;border-radius: 20px !important;}&#8221;][vc_btn title=&#8221;CONTACTE&#8221; style=&#8221;outline-custom&#8221; outline_custom_color=&#8221;#f5f5f5&#8243; outline_custom_hover_background=&#8221;#f5f5f5&#8243; outline_custom_hover_text=&#8221;#bf212e&#8221; shape=&#8221;square&#8221; size=&#8221;sm&#8221; tz_padding_left=&#8221;-5&#8243; link=&#8221;url:%23contacte|title:Contacte&#8221; css=&#8221;.vc_custom_1686076319779{margin-left: -10px !important;}&#8221;][\/vc_column][\/vc_row][vc_row tz_row_type=&#8221;grid&#8221; tz_ruler=&#8221;1&#8243; css=&#8221;.vc_custom_1686076362251{padding-top: 75px !important;padding-bottom: 0px !important;}&#8221; el_id=&#8221;serveis&#8221;][vc_column]    <div class=\"tzElement-title tz_on_title  tz-title-type-2 tz-text-align-center \">\r\n                        <span class=\"tzTitle\">\r\n                    Serveis                <\/span>\r\n                \r\n                    \r\n                    <p class=\"tzDescription\" >Des d\u2019una vivenda a qualsevol part d\u2019aquesta.<br \/>\nInteriorisme comercial, botigues, oficines\u2026.<br \/>\nSeguiment de pressupostos i control d\u2019obra.<br \/>\nM\u2019agrada poder dissenyar el mobiliari de cada espai, aprofitant els racons i fent del mobiliari peces \u00faniques per cada espai.<\/p>\r\n            <p style=\"color: red;\">\r\n\r\n            <\/p>\r\n        \r\n        \r\n    <\/div>\r\n    [\/vc_column][\/vc_row][vc_row tz_row_type=&#8221;grid&#8221; css=&#8221;.vc_custom_1459913266174{padding-top: 70px !important;padding-bottom: 89px !important;}&#8221;][vc_column][service tz_number_item_desk=&#8221;4&#8243; tz_number_item_tablet_landscape=&#8221;3&#8243; tz_number_item_tablet_portrait=&#8221;2&#8243;][service_item tz_icon=&#8221;l&#8221; tz_title=&#8221;Reforma d&#8217;oficines&#8221; tz_description=&#8221;Renovar la imatge de l&#8217;empresa i millorar les condicions de treball.&#8221; tz_option_readmore=&#8221;hide&#8221; tz_image=&#8221;4784&#8243;][\/service_item][service_item tz_icon=&#8221;e&#8221; tz_title=&#8221;Locals comercials&#8221; tz_description=&#8221;Un bon disseny de l&#8217;espai ens ajudar\u00e0 a resaltar i diferenciarnos de la compet\u00e8ncia. La primera imatge es la que fa que el client es decideixi a entrar al nostre espai.&#8221; tz_option_readmore=&#8221;hide&#8221; tz_image=&#8221;6185&#8243;][\/service_item][service_item tz_icon=&#8221;J&#8221; tz_title=&#8221;Reformes a particulars&#8221; tz_description=&#8221;Reformes integrals de pisos, apartaments i habitatges unifamiliars. Reforma d\u2019espais puntuals, cuines, banys, terrasses, dormitoris\u2026 amb servei. Claus en m\u00e0.&#8221; tz_option_readmore=&#8221;hide&#8221; tz_image=&#8221;4787&#8243;][\/service_item][service_item tz_icon=&#8221;N&#8221; tz_title=&#8221;Disseny de mobiliari&#8221; tz_description=&#8221;Disseny de qualsevol tipus de moble fet a mida per adaptar-lo a les necessitats de cada client.&#8221; tz_option_readmore=&#8221;hide&#8221; tz_image=&#8221;6198&#8243;][\/service_item][\/service][\/vc_column][\/vc_row][vc_row parallax=&#8221;content-moving&#8221; parallax_image=&#8221;4794&#8243; css=&#8221;.vc_custom_1686077566764{margin-top: 30px !important;}&#8221;][vc_column][category_slide tz_style=&#8221;full_width&#8221; tz_number_item_desk=&#8221;4&#8243; tz_number_item_tablet_portrait=&#8221;2&#8243;][category_slide_item tz_image_option=&#8221;hide&#8221; tz_icon=&#8221;l&#8221; tz_title=&#8221;Oficines&#8221; tz_option_link=&#8221;custom-link&#8221; tz_custom_link=&#8221;#&#8221;][category_slide_item tz_image_option=&#8221;hide&#8221; tz_icon=&#8221;e&#8221; tz_title=&#8221;Comercial&#8221; tz_option_link=&#8221;custom-link&#8221; tz_custom_link=&#8221;#&#8221;][category_slide_item tz_image_option=&#8221;hide&#8221; tz_icon=&#8221;J&#8221; tz_title=&#8221;Particular&#8221; tz_option_link=&#8221;custom-link&#8221; tz_custom_link=&#8221;#&#8221;][category_slide_item tz_image_option=&#8221;hide&#8221; tz_icon=&#8221;N&#8221; tz_title=&#8221;Mobiliari&#8221; tz_option_link=&#8221;custom-link&#8221; tz_custom_link=&#8221;#&#8221;][\/category_slide][\/vc_column][\/vc_row][vc_row tz_row_type=&#8221;grid&#8221; tz_ruler=&#8221;1&#8243; css=&#8221;.vc_custom_1686077816417{padding-top: 75px !important;padding-bottom: 62px !important;}&#8221; el_id=&#8221;projectes&#8221;][vc_column]    <div class=\"tzElement-title tz_on_title  tz-title-type-2 tz-text-align-center \">\r\n                        <span class=\"tzTitle\">\r\n                    Projectes                <\/span>\r\n                \r\n                    \r\n                    <p class=\"tzDescription\" >Projectes d'Interiorisme d\u2019obra nova o de reforma.<\/p>\r\n            <p style=\"color: red;\">\r\n\r\n            <\/p>\r\n        \r\n        \r\n    <\/div>\r\n    [\/vc_column][\/vc_row][vc_row css=&#8221;.vc_custom_1686078808909{margin-top: 20px !important;margin-bottom: 50px !important;}&#8221;][vc_column css=&#8221;.vc_custom_1687325082588{margin-right: 20px !important;margin-left: 20px !important;}&#8221;][vc_media_grid element_width=&#8221;2&#8243; gap=&#8221;15&#8243; grid_id=&#8221;vc_gid:1687325003253-42c63e5e-0c99-4&#8243; include=&#8221;4825,4815,4816,4817,4821,4818,4838,4820,4823,4819,4822,4824,4784,4814,4786,4826,4827,4828,4829,4787,4762,4832,4833,4794&#8243;][\/vc_column][\/vc_row][vc_row parallax=&#8221;content-moving&#8221; parallax_image=&#8221;4747&#8243; tz_row_type=&#8221;grid&#8221; tz_pattern=&#8221;1&#8243; css=&#8221;.vc_custom_1686078559740{padding-top: 140px !important;padding-bottom: 510px !important;background-color: rgba(0,0,0,0.7) !important;*background-color: rgb(0,0,0) !important;}&#8221; el_id=&#8221;contacte&#8221;][vc_column tztextalign=&#8221;center&#8221;][vc_column_text]<\/p>\n<h3 style=\"margin-bottom: 22px;\"><span style=\"font-size: 30px;\"><span style=\"color: #ffffff;\"><strong>CONTACTE AMB L&#8217;ESTUDI<\/strong><\/span><br \/>\n<\/span><\/h3>\n<p>[\/vc_column_text][\/vc_column][\/vc_row][vc_row tz_row_type=&#8221;grid&#8221; css=&#8221;.vc_custom_1686078850668{padding-bottom: 100px !important;}&#8221;][vc_column el_class=&#8221;tz-box-shadow&#8221; css=&#8221;.vc_custom_1686078937208{margin-top: -446px !important;}&#8221;][vc_gmaps link=&#8221;#E-8_JTNDaWZyYW1lJTIwc3JjJTNEJTIyaHR0cHMlM0ElMkYlMkZ3d3cuZ29vZ2xlLmNvbSUyRm1hcHMlMkZlbWJlZCUzRnBiJTNEJTIxMW0xOCUyMTFtMTIlMjExbTMlMjExZDYyNS40NDc2ODA5MjYzMTUlMjEyZDMuMDI4NjIyMzM2NDQ5NTAxJTIxM2Q0MS43ODIwMzg0MjA0MTEzNzUlMjEybTMlMjExZjAlMjEyZjAlMjEzZjAlMjEzbTIlMjExaTEwMjQlMjEyaTc2OCUyMTRmMTMuMSUyMTNtMyUyMTFtMiUyMTFzMHgxMmJiMDZiZDNlMGI4YzBkJTI1M0EweDc4ZDM0YzNiOGFiMjAwMDMlMjEyc1BsYWNldGElMjUyMGRlJTI1MjBTYW50JTI1MjBKb2FuJTI1MkMlMjUyMDIzJTI1MkMlMjUyMDE3MjIwJTI1MjBTYW50JTI1MjBGZWxpdSUyNTIwZGUlMjUyMEd1JTI1QzMlMjVBRHhvbHMlMjUyQyUyNTIwR2lyb25hJTIxNWUwJTIxM20yJTIxMXNjYSUyMTJzZXMlMjE0djE2NzMxNjk1ODU4MzElMjE1bTIlMjExc2NhJTIxMnNlcyUyMiUyMHdpZHRoJTNEJTIyNjAwJTIyJTIwaGVpZ2h0JTNEJTIyNDUwJTIyJTIwZnJhbWVib3JkZXIlM0QlMjIwJTIyJTIwc3R5bGUlM0QlMjJib3JkZXIlM0EwJTIyJTIwYWxsb3dmdWxsc2NyZWVuJTNFJTNDJTJGaWZyYW1lJTNF&#8221; size=&#8221;600px&#8221; tz_type=&#8221;classic&#8221; css=&#8221;.vc_custom_1686078900995{padding-top: 10px !important;padding-right: 10px !important;padding-bottom: 10px !important;padding-left: 10px !important;}&#8221;][vc_row_inner css=&#8221;.vc_custom_1686079209405{padding-top: 47px !important;padding-right: 54px !important;padding-bottom: 47px !important;padding-left: 54px !important;}&#8221;][vc_column_inner width=&#8221;1\/3&#8243;][vc_column_text css=&#8221;.vc_custom_1686078998283{padding-bottom: 44px !important;}&#8221;]<\/p>\n<h4><span style=\"color: #bf212e;\">Adre\u00e7a<\/span><\/h4>\n<p><i class=\"fa fa-map-marker\"><\/i> \u00a0\u00a0 Placeta Sant Joan 23 &#8211; 17220 Sant Feliu de Gu\u00edxols &#8211; Girona[\/vc_column_text][vc_column_text css=&#8221;.vc_custom_1686079017844{padding-bottom: 44px !important;}&#8221;]<\/p>\n<h4><span style=\"color: #bf212e;\">Truca&#8217;ns<\/span><\/h4>\n<p><i class=\"fa fa-phone\"><\/i>\u00a0 +34 696 28 55 79[\/vc_column_text][vc_column_text css=&#8221;.vc_custom_1686079050996{padding-bottom: 44px !important;}&#8221;]<\/p>\n<h4><span style=\"color: #bf212e;\">Email<\/span><\/h4>\n<p><i class=\"fa fa-envelope\"><\/i><a href=\"mailto:info@roserguino.com\">\u00a0 info@roserguino.com<\/a>[\/vc_column_text][\/vc_column_inner][vc_column_inner width=&#8221;2\/3&#8243;][vc_column_text css=&#8221;.vc_custom_1686079074715{padding-bottom: 44px !important;}&#8221;]<\/p>\n<h4><span style=\"color: #bf212e;\">POSA&#8217;T EN CONTACTE AMB NOSALTRES!<\/span><\/h4>\n<p>Estarem encantats d&#8217;ajudar-te a fer realitat el teu projecte.[\/vc_column_text]\n<div class=\"wpcf7 no-js\" id=\"wpcf7-f2051-o1\" lang=\"ca\" dir=\"ltr\" data-wpcf7-id=\"2051\">\n<div class=\"screen-reader-response\"><p role=\"status\" aria-live=\"polite\" aria-atomic=\"true\"><\/p> <ul><\/ul><\/div>\n<form action=\"\/index.php\/wp-json\/wp\/v2\/pages\/4682#wpcf7-f2051-o1\" method=\"post\" class=\"wpcf7-form init\" aria-label=\"Formulari de contacte\" novalidate=\"novalidate\" data-status=\"init\">\n<fieldset class=\"hidden-fields-container\"><input type=\"hidden\" name=\"_wpcf7\" value=\"2051\" \/><input type=\"hidden\" name=\"_wpcf7_version\" value=\"6.1.4\" \/><input type=\"hidden\" name=\"_wpcf7_locale\" value=\"ca\" \/><input type=\"hidden\" name=\"_wpcf7_unit_tag\" value=\"wpcf7-f2051-o1\" \/><input type=\"hidden\" name=\"_wpcf7_container_post\" value=\"0\" \/><input type=\"hidden\" name=\"_wpcf7_posted_data_hash\" value=\"\" \/><input type=\"hidden\" name=\"_wpcf7_recaptcha_response\" value=\"\" \/>\n<\/fieldset>\n<p><span class=\"wpcf7-form-control-wrap\" data-name=\"your-name\"><input size=\"40\" maxlength=\"400\" class=\"wpcf7-form-control wpcf7-text wpcf7-validates-as-required\" aria-required=\"true\" aria-invalid=\"false\" placeholder=\"Nom i Cognoms\" value=\"\" type=\"text\" name=\"your-name\" \/><\/span>\n<\/p>\n<p><br \/>\n<span class=\"wpcf7-form-control-wrap\" data-name=\"your-email\"><input size=\"40\" maxlength=\"400\" class=\"wpcf7-form-control wpcf7-email wpcf7-validates-as-required wpcf7-text wpcf7-validates-as-email\" aria-required=\"true\" aria-invalid=\"false\" placeholder=\"E-mail\" value=\"\" type=\"email\" name=\"your-email\" \/><\/span>\n<\/p>\n<p><br \/>\n<span class=\"wpcf7-form-control-wrap\" data-name=\"tel-888\"><input size=\"40\" maxlength=\"400\" class=\"wpcf7-form-control wpcf7-tel wpcf7-validates-as-required wpcf7-text wpcf7-validates-as-tel\" aria-required=\"true\" aria-invalid=\"false\" placeholder=\"Tel\u00e8fon de contacte\" value=\"\" type=\"tel\" name=\"tel-888\" \/><\/span>\n<\/p>\n<p><br \/>\n<span class=\"wpcf7-form-control-wrap\" data-name=\"your-subject\"><input size=\"40\" maxlength=\"400\" class=\"wpcf7-form-control wpcf7-text wpcf7-validates-as-required\" aria-required=\"true\" aria-invalid=\"false\" placeholder=\"Assumpte\" value=\"\" type=\"text\" name=\"your-subject\" \/><\/span>\n<\/p>\n<p><br \/>\n<span class=\"wpcf7-form-control-wrap\" data-name=\"your-message\"><textarea cols=\"40\" rows=\"10\" maxlength=\"2000\" class=\"wpcf7-form-control wpcf7-textarea\" aria-invalid=\"false\" placeholder=\"Missatge\" name=\"your-message\"><\/textarea><\/span>\n<\/p>\n<p><span class=\"wpcf7-form-control-wrap\" data-name=\"Privacitat\"><span class=\"wpcf7-form-control wpcf7-acceptance\"><span class=\"wpcf7-list-item\"><label><input type=\"checkbox\" name=\"Privacitat\" value=\"1\" aria-invalid=\"false\" \/><span class=\"wpcf7-list-item-label\"><font size=1.2>He llegit, ent\u00e8s i accepto la <a rel=\"nofollow\" href=\"https:\/\/roserguino.com\/index.php\/politica-privacitat-roser-guino\/\"><b>pol\u00edtica de privacitat.<\/b><\/a><\/font><\/span><\/label><\/span><\/span><\/span>\n<\/p>\n<p>\n\t<font size=1><b>Informaci\u00f3 b\u00e0sica sobre Protecci\u00f3 de dades (RGPD 2016\/679 i LOPDGDD 3\/2018)<\/b>\nResponsable: ROSER GUIN\u00d3 OLMO (en endavant ROSER GUIN\u00d3) Finalitat: Gestionar l\u2019enviament de la informaci\u00f3 sol\u00b7licitada.; Legitimaci\u00f3: Consentiment de l\u2019interessat. ; Destinataris: No es cediran dades a tercers excepte per obligaci\u00f3 legal.; Drets: Accedir, rectificar i suprimir les seves dades, aix\u00ed com altres drets, que poden exercir tal com s\u2019especifica a la <a rel=\"nofollow\" href=\"https:\/\/roserguino.com\/index.php\/politica-privacitat-roser-guino\/\"> pol\u00edtica de privacitat<\/a> del nostre lloc web.\n\t<\/font>\n<\/p>\n<p><span class=\"wpcf7-form-control-wrap\" data-name=\"comercials\"><span class=\"wpcf7-form-control wpcf7-acceptance\"><span class=\"wpcf7-list-item\"><label><input type=\"checkbox\" name=\"comercials\" value=\"1\" aria-invalid=\"false\" \/><span class=\"wpcf7-list-item-label\"><font size=1.2> Dono el meu consentiment per rebre comunicacions comercials posteriors per correu electr\u00f2nic i altres mitjans de comunicaci\u00f3 ofim\u00e0tics, tal como estableix la Llei LSSI\/CE 34\/2002<\/font><\/span><\/label><\/span><\/span><\/span>\n<\/p>\n<p>\n\t<font size=1>Si posteriorment no desitja continuar rebent les nostres comunicacions comercials vost\u00e8 podr\u00e0 revocar el consentiment enviant un e-mail a<a rel=\"nofollow\" href=\"mailto:info@roserguino.com\"> info@roserguino.com<\/a> amb la paraula BAIXA.\n\t<\/font>\n<\/p>\n<p><input class=\"wpcf7-form-control wpcf7-submit has-spinner\" type=\"submit\" value=\"ENVIAR ARA\" \/>\n<\/p><div class=\"wpcf7-response-output\" aria-hidden=\"true\"><\/div>\n<\/form>\n<\/div>\n[\/vc_column_inner][\/vc_row_inner][\/vc_column][\/vc_row][vc_row parallax=&#8221;content-moving&#8221; parallax_image=&#8221;4747&#8243; tz_row_type=&#8221;grid&#8221; css=&#8221;.vc_custom_1686079744823{padding-top: 135px !important;padding-bottom: 129px !important;background-color: rgba(0,0,0,0.6) !important;*background-color: rgb(0,0,0) !important;}&#8221;][vc_column][quote tz_type=&#8221;type2&#8243; tz_pagination=&#8221;hide&#8221;][quote_item tz_name_option=&#8221;show&#8221; tz_name=&#8221;STEVE JOBS&#8221; tz_employment_option=&#8221;show&#8221; tz_employment=&#8221;Empresari i magnat dels negocis&#8221; tz_content=&#8221;\u201cEl disseny no \u00e9s nom\u00e9s el que es veu i es sent, tamb\u00e9 es com funciona\u201d.&#8221;][\/quote][\/vc_column][\/vc_row]<\/p>\n","protected":false},"excerpt":{"rendered":"<p>[vc_row el_id=&#8221;home&#8221;][vc_column][\/vc_column][\/vc_row][vc_row tz_row_type=&#8221;grid&#8221; tz_ruler=&#8221;1&#8243; css=&#8221;.vc_custom_1686075019967{padding-top: 75px !important;padding-bottom: 62px !important;}&#8221;][vc_column][\/vc_column][\/vc_row][vc_row content_placement=&#8221;middle&#8221; parallax=&#8221;content-moving-fade&#8221; parallax_image=&#8221;4595&#8243; tz_row_type=&#8221;grid&#8221; css=&#8221;.vc_custom_1686075531623{margin-top: 20px !important;margin-bottom: 20px !important;}&#8221; el_id=&#8221;roserguino&#8221;][vc_column width=&#8221;1\/2&#8243; <a class=\"tzreadmore simple-ajax-popup-align-top\" href=\"https:\/\/roserguino.com\/\">Read More<\/a><\/p>\n","protected":false},"author":1,"featured_media":4827,"parent":0,"menu_order":0,"comment_status":"closed","ping_status":"closed","template":"template-homepage.php","meta":{"footnotes":""},"class_list":["post-4682","page","type-page","status-publish","has-post-thumbnail","hentry"],"aioseo_notices":[],"_links":{"self":[{"href":"https:\/\/roserguino.com\/index.php\/wp-json\/wp\/v2\/pages\/4682","targetHints":{"allow":["GET"]}}],"collection":[{"href":"https:\/\/roserguino.com\/index.php\/wp-json\/wp\/v2\/pages"}],"about":[{"href":"https:\/\/roserguino.com\/index.php\/wp-json\/wp\/v2\/types\/page"}],"author":[{"embeddable":true,"href":"https:\/\/roserguino.com\/index.php\/wp-json\/wp\/v2\/users\/1"}],"replies":[{"embeddable":true,"href":"https:\/\/roserguino.com\/index.php\/wp-json\/wp\/v2\/comments?post=4682"}],"version-history":[{"count":23,"href":"https:\/\/roserguino.com\/index.php\/wp-json\/wp\/v2\/pages\/4682\/revisions"}],"predecessor-version":[{"id":6321,"href":"https:\/\/roserguino.com\/index.php\/wp-json\/wp\/v2\/pages\/4682\/revisions\/6321"}],"wp:featuredmedia":[{"embeddable":true,"href":"https:\/\/roserguino.com\/index.php\/wp-json\/wp\/v2\/media\/4827"}],"wp:attachment":[{"href":"https:\/\/roserguino.com\/index.php\/wp-json\/wp\/v2\/media?parent=4682"}],"curies":[{"name":"wp","href":"https:\/\/api.w.org\/{rel}","templated":true}]}}